{"id":14786,"date":"2025-04-29T13:33:30","date_gmt":"2025-04-29T11:33:30","guid":{"rendered":"https:\/\/www.elawan.com\/?page_id=14786"},"modified":"2025-06-02T10:58:08","modified_gmt":"2025-06-02T08:58:08","slug":"kommunikation","status":"publish","type":"page","link":"https:\/\/www.elawan.com\/de\/kommunikation\/","title":{"rendered":"Kommunikation"},"content":{"rendered":"<div class=\"wpb-content-wrapper\"><p>[vc_row][vc_column][vc_empty_space height=&#8220;60px&#8220;]<style type=\"text\/css\" data-type=\"the7_shortcodes-inline-css\">.blog-shortcode.blog-list-shortcode-id-d3d0642a143a8675834f254a12b6ad53.dividers-on.classic-layout-list article {\n  margin-top: 40px;\n  padding-top: 0;\n}\n.blog-shortcode.blog-list-shortcode-id-d3d0642a143a8675834f254a12b6ad53.dividers-on.classic-layout-list article:first-of-type {\n  margin-top: 0;\n  padding-top: 0;\n}\n.blog-shortcode.blog-list-shortcode-id-d3d0642a143a8675834f254a12b6ad53.classic-layout-list.mode-list .post-thumbnail-wrap {\n  width: 50%;\n}\n.blog-shortcode.blog-list-shortcode-id-d3d0642a143a8675834f254a12b6ad53.classic-layout-list.mode-list .post-entry-content {\n  width: calc(100% - 50%);\n}\n.blog-shortcode.blog-list-shortcode-id-d3d0642a143a8675834f254a12b6ad53.classic-layout-list.mode-list .no-img .post-entry-content {\n  width: 100%;\n}\n.blog-shortcode.blog-list-shortcode-id-d3d0642a143a8675834f254a12b6ad53 .filter-bg-decoration .filter-categories a.act {\n  color: #fff;\n}\n.blog-shortcode.blog-list-shortcode-id-d3d0642a143a8675834f254a12b6ad53:not(.mode-masonry) article {\n  margin-top: 40px;\n}\n.blog-shortcode.blog-list-shortcode-id-d3d0642a143a8675834f254a12b6ad53:not(.mode-masonry) article:first-of-type,\n.blog-shortcode.blog-list-shortcode-id-d3d0642a143a8675834f254a12b6ad53:not(.mode-masonry) article.visible.first:not(.product) {\n  margin-top: 0;\n}\n.blog-shortcode.blog-list-shortcode-id-d3d0642a143a8675834f254a12b6ad53.dividers-on:not(.mode-masonry) article {\n  margin-top: 0;\n  padding-top: 40px;\n}\n.blog-shortcode.blog-list-shortcode-id-d3d0642a143a8675834f254a12b6ad53.dividers-on:not(.mode-masonry) article:first-of-type,\n.blog-shortcode.blog-list-shortcode-id-d3d0642a143a8675834f254a12b6ad53.dividers-on:not(.mode-masonry) article.visible.first:not(.product) {\n  margin-top: 0;\n  padding-top: 0;\n}\n.blog-shortcode.blog-list-shortcode-id-d3d0642a143a8675834f254a12b6ad53 .post-thumbnail-wrap {\n  padding: 0px 40px 40px 0px;\n}\n.blog-shortcode.blog-list-shortcode-id-d3d0642a143a8675834f254a12b6ad53.enable-bg-rollover .post-thumbnail-rollover:after {\n  background: -webkit-linear-gradient();\n  background: linear-gradient();\n}\n.blog-shortcode.blog-list-shortcode-id-d3d0642a143a8675834f254a12b6ad53 .gallery-zoom-ico {\n  width: 44px;\n  height: 44px;\n  line-height: 44px;\n  border-radius: 100px;\n  margin: -22px 0 0 -22px;\n  border-width: 0px;\n  color: #ffffff;\n}\n.bottom-overlap-layout-list.blog-shortcode.blog-list-shortcode-id-d3d0642a143a8675834f254a12b6ad53 .gallery-zoom-ico {\n  margin-top: -22px;\n}\n.gradient-overlay-layout-list.blog-shortcode.blog-list-shortcode-id-d3d0642a143a8675834f254a12b6ad53 .gallery-zoom-ico,\n.content-rollover-layout-list.blog-shortcode.blog-list-shortcode-id-d3d0642a143a8675834f254a12b6ad53 .gallery-zoom-ico {\n  margin: 0 0 10px;\n}\n.content-align-center.gradient-overlay-layout-list.blog-shortcode.blog-list-shortcode-id-d3d0642a143a8675834f254a12b6ad53 .gallery-zoom-ico,\n.content-align-center.content-rollover-layout-list.blog-shortcode.blog-list-shortcode-id-d3d0642a143a8675834f254a12b6ad53 .gallery-zoom-ico {\n  margin: 0 auto 10px;\n}\n.dt-icon-bg-on.blog-shortcode.blog-list-shortcode-id-d3d0642a143a8675834f254a12b6ad53 .gallery-zoom-ico {\n  background: rgba(255,255,255,0.3);\n  box-shadow: none;\n}\n.blog-shortcode.blog-list-shortcode-id-d3d0642a143a8675834f254a12b6ad53 .gallery-zoom-ico > span,\n.blog-shortcode.blog-list-shortcode-id-d3d0642a143a8675834f254a12b6ad53 .gallery-zoom-ico:before {\n  font-size: 32px;\n  line-height: 44px;\n}\n.blog-shortcode.blog-list-shortcode-id-d3d0642a143a8675834f254a12b6ad53 .gallery-zoom-ico > span,\n.blog-shortcode.blog-list-shortcode-id-d3d0642a143a8675834f254a12b6ad53 .gallery-zoom-ico:before {\n  color: #ffffff;\n}\n.blog-shortcode.blog-list-shortcode-id-d3d0642a143a8675834f254a12b6ad53 .fancy-date a {\n  background: #ffffff;\n  box-shadow: none;\n}\n.blog-shortcode.blog-list-shortcode-id-d3d0642a143a8675834f254a12b6ad53 .fancy-date a * {\n  color: #2d2d2d;\n}\n.blog-shortcode.blog-list-shortcode-id-d3d0642a143a8675834f254a12b6ad53 .entry-title,\n.blog-shortcode.blog-list-shortcode-id-d3d0642a143a8675834f254a12b6ad53.owl-carousel .entry-title {\n  margin-bottom: 7px;\n  font-weight: bold;\n}\n.blog-shortcode.blog-list-shortcode-id-d3d0642a143a8675834f254a12b6ad53 .entry-meta {\n  margin-bottom: 15px;\n}\n.blog-shortcode.blog-list-shortcode-id-d3d0642a143a8675834f254a12b6ad53 .portfolio-categories {\n  margin-bottom: 15px;\n}\n.blog-shortcode.blog-list-shortcode-id-d3d0642a143a8675834f254a12b6ad53 .entry-excerpt {\n  margin-bottom: 5px;\n}\n.blog-shortcode.blog-list-shortcode-id-d3d0642a143a8675834f254a12b6ad53:not(.centered-layout-list) .post-entry-content {\n  padding: 5px 40px 40px 0px;\n}\n.blog-shortcode.blog-list-shortcode-id-d3d0642a143a8675834f254a12b6ad53:not(.centered-layout-list):not(.content-bg-on):not(.mode-list) .no-img .post-entry-content {\n  padding: 0;\n}\n@media screen and (max-width: 768px) {\n  .blog-shortcode.blog-list-shortcode-id-d3d0642a143a8675834f254a12b6ad53 article {\n    -ms-flex-flow: column nowrap;\n    flex-flow: column nowrap;\n    margin-top: 20px;\n  }\n  .blog-shortcode.blog-list-shortcode-id-d3d0642a143a8675834f254a12b6ad53.dividers-on article {\n    border: none;\n  }\n  .blog-shortcode.blog-list-shortcode-id-d3d0642a143a8675834f254a12b6ad53.content-bg-on.centered-layout-list article {\n    padding: 0;\n  }\n  .blog-shortcode.blog-list-shortcode-id-d3d0642a143a8675834f254a12b6ad53.blog-shortcode.dividers-on article,\n  .blog-shortcode.blog-list-shortcode-id-d3d0642a143a8675834f254a12b6ad53.dividers-on.classic-layout-list article {\n    margin-top: 20px;\n    padding: 0;\n  }\n  .blog-shortcode.blog-list-shortcode-id-d3d0642a143a8675834f254a12b6ad53.blog-shortcode.dividers-on article:first-of-type,\n  .blog-shortcode.blog-list-shortcode-id-d3d0642a143a8675834f254a12b6ad53.dividers-on.classic-layout-list article:first-of-type {\n    padding: 0;\n  }\n  #page .blog-shortcode.blog-list-shortcode-id-d3d0642a143a8675834f254a12b6ad53 .post-thumbnail-wrap,\n  #page .blog-shortcode.blog-list-shortcode-id-d3d0642a143a8675834f254a12b6ad53 .post-entry-content {\n    width: 100%;\n    margin: 0;\n    top: 0;\n  }\n  #page .blog-shortcode.blog-list-shortcode-id-d3d0642a143a8675834f254a12b6ad53 .post-thumbnail-wrap {\n    padding: 0;\n  }\n  #page .blog-shortcode.blog-list-shortcode-id-d3d0642a143a8675834f254a12b6ad53 .post-entry-content:after {\n    display: none;\n  }\n  #page .blog-shortcode.blog-list-shortcode-id-d3d0642a143a8675834f254a12b6ad53 .project-even .post-thumbnail-wrap,\n  #page .blog-shortcode.blog-list-shortcode-id-d3d0642a143a8675834f254a12b6ad53.centered-layout-list .post-thumbnail-wrap {\n    -ms-flex-order: 0;\n    order: 0;\n  }\n  #page .blog-shortcode.blog-list-shortcode-id-d3d0642a143a8675834f254a12b6ad53.centered-layout-list .post-entry-title-content {\n    -ms-flex-order: 1;\n    order: 1;\n    width: 100%;\n    padding: 20px 20px 0;\n  }\n  #page .blog-shortcode.blog-list-shortcode-id-d3d0642a143a8675834f254a12b6ad53.centered-layout-list .post-entry-content {\n    -ms-flex-order: 2;\n    order: 2;\n    padding-top: 0;\n  }\n  #page .blog-shortcode.blog-list-shortcode-id-d3d0642a143a8675834f254a12b6ad53 .fancy-categories {\n    top: 10px;\n    left: 10px;\n    bottom: auto;\n    right: auto;\n  }\n  #page .blog-shortcode.blog-list-shortcode-id-d3d0642a143a8675834f254a12b6ad53 .fancy-date a {\n    top: 10px;\n    right: 10px;\n    left: auto;\n    bottom: auto;\n  }\n  #page .blog-shortcode.blog-list-shortcode-id-d3d0642a143a8675834f254a12b6ad53 .post-entry-content {\n    padding: 20px;\n  }\n  #page .blog-shortcode.blog-list-shortcode-id-d3d0642a143a8675834f254a12b6ad53 .entry-title {\n    margin: 3px 0 5px;\n    font-size: 20px;\n    line-height: 26px;\n  }\n  #page .blog-shortcode.blog-list-shortcode-id-d3d0642a143a8675834f254a12b6ad53 .entry-meta {\n    margin: 5px 0 5px;\n  }\n  #page .blog-shortcode.blog-list-shortcode-id-d3d0642a143a8675834f254a12b6ad53 .entry-excerpt {\n    margin: 15px 0 0;\n  }\n  #page .blog-shortcode.blog-list-shortcode-id-d3d0642a143a8675834f254a12b6ad53 .post-details {\n    margin: 5px 0 10px;\n  }\n  #page .blog-shortcode.blog-list-shortcode-id-d3d0642a143a8675834f254a12b6ad53 .post-details.details-type-link {\n    margin-bottom: 2px;\n  }\n}<\/style><div class=\"articles-list blog-shortcode mode-list blog-list-shortcode-id-d3d0642a143a8675834f254a12b6ad53 classic-layout-list dividers-on scale-img dt-icon-bg-off vertical-fancy-style loading-effect-fade-in\" data-cur-page=\"1\" data-post-limit=\"-1\" data-pagination-mode=\"pages\"><article class=\"post project-odd visible post-16759 type-post status-publish format-standard has-post-thumbnail hentry category-unkategorisiert category-18 description-off\" data-name=\"Elawan Energy unterzeichnet einen 10-j\u00e4hrigen PPA mit Lear Corporation f\u00fcr ein 30-MW-Windprojekt in Spanien\" data-date=\"2026-04-01T12:22:01+02:00\">\n\n<div class=\"post-thumbnail-wrap\">\n\t<div class=\"post-thumbnail\">\n\n\t\t\n\t\t\n\t\t<a href=\"https:\/\/www.elawan.com\/de\/noticias\/elawan-energy-unterzeichnet-einen-10-jaehrigen-ppa-mit-lear-corporation-fuer-ein-30-mw-windprojekt-in-spanien\/\" class=\"post-thumbnail-rollover layzr-bg layzr-bg\" ><img fetchpriority=\"high\" decoding=\"async\" class=\"lazy-load preload-me lazy-load aspect\" src=\"data:image\/svg+xml,%3Csvg%20xmlns%3D&#39;http%3A%2F%2Fwww.w3.org%2F2000%2Fsvg&#39;%20viewBox%3D&#39;0%200%20751%20450&#39;%2F%3E\" data-src=\"https:\/\/www.elawan.com\/wp-content\/uploads\/2026\/04\/1773159686472-751x450.jpg\" data-srcset=\"https:\/\/www.elawan.com\/wp-content\/uploads\/2026\/04\/1773159686472-751x450.jpg 751w\" loading=\"eager\" style=\"--ratio: 751 \/ 450\" sizes=\"(max-width: 751px) 100vw, 751px\" alt=\"\" title=\"1773159686472\" width=\"751\" height=\"450\"  \/><\/a>\n\t<\/div>\n<\/div>\n\n\n<div class=\"post-entry-content\">\n\n\t<h3 class=\"entry-title\">\n\t\t<a href=\"https:\/\/www.elawan.com\/de\/noticias\/elawan-energy-unterzeichnet-einen-10-jaehrigen-ppa-mit-lear-corporation-fuer-ein-30-mw-windprojekt-in-spanien\/\" title=\"Elawan Energy unterzeichnet einen 10-j\u00e4hrigen PPA mit Lear Corporation f\u00fcr ein 30-MW-Windprojekt in Spanien\" rel=\"bookmark\">Elawan Energy unterzeichnet einen 10-j\u00e4hrigen PPA mit Lear Corporation f\u00fcr ein 30-MW-Windprojekt in Spanien<\/a>\n\t<\/h3>\n\n\t<div class=\"entry-meta\"><a href=\"https:\/\/www.elawan.com\/de\/noticias\/2026\/04\/01\/\" title=\"12:22\" class=\"data-link\" rel=\"bookmark\"><time class=\"entry-date updated\" datetime=\"2026-04-01T12:22:01+02:00\">1 de April de 2026<\/time><\/a><\/div>\n\t<div class=\"entry-excerpt\"><p>Elawan Energy, ein weltweit f\u00fchrendes Unternehmen im Bereich der erneuerbaren Energien, gibt den Abschluss eines virtuellen Stromabnahmevertrags (PPA) mit einer Laufzeit von 10 Jahren mit Lear Corporation bekannt, einem globalen Automobiltechnologieunternehmen mit Pr\u00e4senz in mehr als 35 L\u00e4ndern. Der Windpark, der k\u00fcrzlich seinen Betrieb aufgenommen hat, wird saubere und nachhaltige Energie an tausende Haushalte und&hellip;<\/p>\n<\/div>\n\t\n<a href=\"https:\/\/www.elawan.com\/de\/noticias\/elawan-energy-unterzeichnet-einen-10-jaehrigen-ppa-mit-lear-corporation-fuer-ein-30-mw-windprojekt-in-spanien\/\" class=\"dt-btn-s dt-btn post-details details-type-btn\" aria-label=\"Lesen Sie mehr \u00fcber Elawan Energy unterzeichnet einen 10-j\u00e4hrigen PPA mit Lear Corporation f\u00fcr ein 30-MW-Windprojekt in Spanien\">Mehr lesen<i class=\"dt-icon-the7-arrow-03\" aria-hidden=\"true\"><\/i><\/a>\n\n<\/div><\/article><article class=\"post project-odd visible post-16544 type-post status-publish format-standard has-post-thumbnail hentry category-unkategorisiert category-18 description-off\" data-name=\"Elawan Energy unterzeichnet erneuerbaren Stromabnahmevertrag (PPA) mit Sandoz zur F\u00f6rderung der Energiewende in Europa\" data-date=\"2025-08-12T10:00:12+02:00\">\n\n<div class=\"post-thumbnail-wrap\">\n\t<div class=\"post-thumbnail\">\n\n\t\t\n\t\t\n\t\t<a href=\"https:\/\/www.elawan.com\/de\/noticias\/elawan-energy-unterzeichnet-erneuerbaren-stromabnahmevertrag-ppa-mit-sandoz-zur-foerderung-der-energiewende-in-europa\/\" class=\"post-thumbnail-rollover layzr-bg layzr-bg\" ><img decoding=\"async\" class=\"lazy-load preload-me lazy-load aspect\" src=\"data:image\/svg+xml,%3Csvg%20xmlns%3D&#39;http%3A%2F%2Fwww.w3.org%2F2000%2Fsvg&#39;%20viewBox%3D&#39;0%200%20768%20460&#39;%2F%3E\" data-src=\"https:\/\/www.elawan.com\/wp-content\/uploads\/2025\/05\/generica-fotovoltaica-768x460.jpg\" data-srcset=\"https:\/\/www.elawan.com\/wp-content\/uploads\/2025\/05\/generica-fotovoltaica-768x460.jpg 768w, https:\/\/www.elawan.com\/wp-content\/uploads\/2025\/05\/generica-fotovoltaica-1000x598.jpg 1000w\" loading=\"eager\" style=\"--ratio: 768 \/ 460\" sizes=\"(max-width: 768px) 100vw, 768px\" alt=\"\" title=\"Solar,Cell,Panels,With,A,Sky,Background.,Alternative,Electricity,Source\" width=\"768\" height=\"460\"  \/><\/a>\n\t<\/div>\n<\/div>\n\n\n<div class=\"post-entry-content\">\n\n\t<h3 class=\"entry-title\">\n\t\t<a href=\"https:\/\/www.elawan.com\/de\/noticias\/elawan-energy-unterzeichnet-erneuerbaren-stromabnahmevertrag-ppa-mit-sandoz-zur-foerderung-der-energiewende-in-europa\/\" title=\"Elawan Energy unterzeichnet erneuerbaren Stromabnahmevertrag (PPA) mit Sandoz zur F\u00f6rderung der Energiewende in Europa\" rel=\"bookmark\">Elawan Energy unterzeichnet erneuerbaren Stromabnahmevertrag (PPA) mit Sandoz zur F\u00f6rderung der Energiewende in Europa<\/a>\n\t<\/h3>\n\n\t<div class=\"entry-meta\"><a href=\"https:\/\/www.elawan.com\/de\/noticias\/2025\/08\/12\/\" title=\"10:00\" class=\"data-link\" rel=\"bookmark\"><time class=\"entry-date updated\" datetime=\"2025-08-12T10:00:12+02:00\">12 de August de 2025<\/time><\/a><\/div>\n\t<div class=\"entry-excerpt\"><p>Elawan Energy S.L. (\u201eElawan\u201c), Teil der ORIX-Gruppe, einem global f\u00fchrenden Unternehmen im Bereich der erneuerbaren Energien, gab heute die Unterzeichnung eines 10\u2011j\u00e4hrigen virtuellen Power Purchase Agreements (PPA) mit Sandoz, dem globalen Marktf\u00fchrer f\u00fcr Generika und Biosimilars, bekannt. Die Vereinbarung umfasst die Entwicklung von Solarprojekten in Valladolid, Kastilien\u2011Le\u00f3n, Spanien mit einer Gesamtleistung von 150\u202fMW. Diese langfristige&hellip;<\/p>\n<\/div>\n\t\n<a href=\"https:\/\/www.elawan.com\/de\/noticias\/elawan-energy-unterzeichnet-erneuerbaren-stromabnahmevertrag-ppa-mit-sandoz-zur-foerderung-der-energiewende-in-europa\/\" class=\"dt-btn-s dt-btn post-details details-type-btn\" aria-label=\"Lesen Sie mehr \u00fcber Elawan Energy unterzeichnet erneuerbaren Stromabnahmevertrag (PPA) mit Sandoz zur F\u00f6rderung der Energiewende in Europa\">Mehr lesen<i class=\"dt-icon-the7-arrow-03\" aria-hidden=\"true\"><\/i><\/a>\n\n<\/div><\/article><article class=\"post project-odd visible post-16399 type-post status-publish format-standard has-post-thumbnail hentry category-unkategorisiert category-18 description-off\" data-name=\"Elawan Energy sichert Finanzierung in H\u00f6he von 25 Mio. \u20ac f\u00fcr seinen Windpark San Pedro (30 MW) in Quer\u00e9taro, Mexiko\" data-date=\"2025-06-05T10:47:47+02:00\">\n\n<div class=\"post-thumbnail-wrap\">\n\t<div class=\"post-thumbnail\">\n\n\t\t\n\t\t\n\t\t<a href=\"https:\/\/www.elawan.com\/de\/noticias\/elawan-energy-sichert-finanzierung-in-hohe-von-25-mio-e-fur-seinen-windpark-san-pedro-30-mw-in-queretaro-mexiko\/\" class=\"post-thumbnail-rollover layzr-bg layzr-bg\" ><img decoding=\"async\" class=\"lazy-load preload-me lazy-load aspect\" src=\"data:image\/svg+xml,%3Csvg%20xmlns%3D&#39;http%3A%2F%2Fwww.w3.org%2F2000%2Fsvg&#39;%20viewBox%3D&#39;0%200%20768%20460&#39;%2F%3E\" data-src=\"https:\/\/www.elawan.com\/wp-content\/uploads\/2025\/06\/san-pedro-1-768x460.png\" data-srcset=\"https:\/\/www.elawan.com\/wp-content\/uploads\/2025\/06\/san-pedro-1-768x460.png 768w, https:\/\/www.elawan.com\/wp-content\/uploads\/2025\/06\/san-pedro-1-813x487.png 813w\" loading=\"eager\" style=\"--ratio: 768 \/ 460\" sizes=\"(max-width: 768px) 100vw, 768px\" alt=\"\" title=\"san pedro\" width=\"768\" height=\"460\"  \/><\/a>\n\t<\/div>\n<\/div>\n\n\n<div class=\"post-entry-content\">\n\n\t<h3 class=\"entry-title\">\n\t\t<a href=\"https:\/\/www.elawan.com\/de\/noticias\/elawan-energy-sichert-finanzierung-in-hohe-von-25-mio-e-fur-seinen-windpark-san-pedro-30-mw-in-queretaro-mexiko\/\" title=\"Elawan Energy sichert Finanzierung in H\u00f6he von 25 Mio. \u20ac f\u00fcr seinen Windpark San Pedro (30 MW) in Quer\u00e9taro, Mexiko\" rel=\"bookmark\">Elawan Energy sichert Finanzierung in H\u00f6he von 25 Mio. \u20ac f\u00fcr seinen Windpark San Pedro (30 MW) in Quer\u00e9taro, Mexiko<\/a>\n\t<\/h3>\n\n\t<div class=\"entry-meta\"><a href=\"https:\/\/www.elawan.com\/de\/noticias\/2025\/06\/05\/\" title=\"10:47\" class=\"data-link\" rel=\"bookmark\"><time class=\"entry-date updated\" datetime=\"2025-06-05T10:47:47+02:00\">5 de Juni de 2025<\/time><\/a><\/div>\n\t<div class=\"entry-excerpt\"><p>Elawan Energy, ein globaler Akteur im Bereich der erneuerbaren Energien, hat erfolgreich die Finanzierung f\u00fcr seinen Windpark San Pedro (30 MW) in Quer\u00e9taro, Mexiko, abgeschlossen. Die Transaktion mit einem Volumen von 25 Millionen Euro wurde \u00fcber eine langfristige Kreditstruktur umgesetzt, die durch die Green Investment Policy von Cesce im Auftrag des Staates abgesichert ist. Sie&hellip;<\/p>\n<\/div>\n\t\n<a href=\"https:\/\/www.elawan.com\/de\/noticias\/elawan-energy-sichert-finanzierung-in-hohe-von-25-mio-e-fur-seinen-windpark-san-pedro-30-mw-in-queretaro-mexiko\/\" class=\"dt-btn-s dt-btn post-details details-type-btn\" aria-label=\"Lesen Sie mehr \u00fcber Elawan Energy sichert Finanzierung in H\u00f6he von 25 Mio. \u20ac f\u00fcr seinen Windpark San Pedro (30 MW) in Quer\u00e9taro, Mexiko\">Mehr lesen<i class=\"dt-icon-the7-arrow-03\" aria-hidden=\"true\"><\/i><\/a>\n\n<\/div><\/article><article class=\"post project-odd visible post-16243 type-post status-publish format-standard has-post-thumbnail hentry category-unkategorisiert category-18 description-off\" data-name=\"Elawan Energy erh\u00e4lt Finanzierung f\u00fcr 23 Kleinwasserkraftwerke in Spanien\" data-date=\"2025-05-14T14:03:26+02:00\">\n\n<div class=\"post-thumbnail-wrap\">\n\t<div class=\"post-thumbnail\">\n\n\t\t\n\t\t\n\t\t<a href=\"https:\/\/www.elawan.com\/de\/noticias\/elawan-energy-erhaelt-finanzierung-fuer-23-kleinwasserkraftwerke-in-spanien\/\" class=\"post-thumbnail-rollover layzr-bg layzr-bg\" ><img decoding=\"async\" class=\"lazy-load preload-me lazy-load aspect\" src=\"data:image\/svg+xml,%3Csvg%20xmlns%3D&#39;http%3A%2F%2Fwww.w3.org%2F2000%2Fsvg&#39;%20viewBox%3D&#39;0%200%20768%20460&#39;%2F%3E\" data-src=\"https:\/\/www.elawan.com\/wp-content\/uploads\/2025\/05\/Hidroelectricas-en-Espana-768x460.jpg\" data-srcset=\"https:\/\/www.elawan.com\/wp-content\/uploads\/2025\/05\/Hidroelectricas-en-Espana-768x460.jpg 768w, https:\/\/www.elawan.com\/wp-content\/uploads\/2025\/05\/Hidroelectricas-en-Espana-1200x718.jpg 1200w\" loading=\"eager\" style=\"--ratio: 768 \/ 460\" sizes=\"(max-width: 768px) 100vw, 768px\" alt=\"\" title=\"Hidroele\u0301ctricas en Espan\u0303a\" width=\"768\" height=\"460\"  \/><\/a>\n\t<\/div>\n<\/div>\n\n\n<div class=\"post-entry-content\">\n\n\t<h3 class=\"entry-title\">\n\t\t<a href=\"https:\/\/www.elawan.com\/de\/noticias\/elawan-energy-erhaelt-finanzierung-fuer-23-kleinwasserkraftwerke-in-spanien\/\" title=\"Elawan Energy erh\u00e4lt Finanzierung f\u00fcr 23 Kleinwasserkraftwerke in Spanien\" rel=\"bookmark\">Elawan Energy erh\u00e4lt Finanzierung f\u00fcr 23 Kleinwasserkraftwerke in Spanien<\/a>\n\t<\/h3>\n\n\t<div class=\"entry-meta\"><a href=\"https:\/\/www.elawan.com\/de\/noticias\/2025\/05\/14\/\" title=\"14:03\" class=\"data-link\" rel=\"bookmark\"><time class=\"entry-date updated\" datetime=\"2025-05-14T14:03:26+02:00\">14 de Mai de 2025<\/time><\/a><\/div>\n\t<div class=\"entry-excerpt\"><p>Elawan Energy, ein globaler Akteur im Bereich erneuerbarer Energien, hat erfolgreich die Finanzierung von 175 MW Wasserkraft in Spanien abgeschlossen. Die Transaktion im Wert von 76 Mio. \u20ac wurde als Non-Recourse-Projektfinanzierung im Einklang mit den Nachhaltigkeitskriterien und Zielen der Energiewende des Unternehmens strukturiert. Im Juli 2024 erwarb Elawan Energy 100 % der Anteile an der&hellip;<\/p>\n<\/div>\n\t\n<a href=\"https:\/\/www.elawan.com\/de\/noticias\/elawan-energy-erhaelt-finanzierung-fuer-23-kleinwasserkraftwerke-in-spanien\/\" class=\"dt-btn-s dt-btn post-details details-type-btn\" aria-label=\"Lesen Sie mehr \u00fcber Elawan Energy erh\u00e4lt Finanzierung f\u00fcr 23 Kleinwasserkraftwerke in Spanien\">Mehr lesen<i class=\"dt-icon-the7-arrow-03\" aria-hidden=\"true\"><\/i><\/a>\n\n<\/div><\/article><article class=\"post project-odd visible post-16270 type-post status-publish format-standard has-post-thumbnail hentry category-unkategorisiert category-18 description-off\" data-name=\"Elawan Energy \u00fcberschreitet 1 GW an operativer erneuerbarer Kapazit\u00e4t in Spanien\" data-date=\"2025-01-29T09:13:29+01:00\">\n\n<div class=\"post-thumbnail-wrap\">\n\t<div class=\"post-thumbnail\">\n\n\t\t\n\t\t\n\t\t<a href=\"https:\/\/www.elawan.com\/de\/noticias\/elawan-energy-ueberschreitet-1-gw-an-operativer-erneuerbarer-kapazitaet-in-spanien\/\" class=\"post-thumbnail-rollover layzr-bg layzr-bg\" ><img decoding=\"async\" class=\"lazy-load preload-me lazy-load aspect\" src=\"data:image\/svg+xml,%3Csvg%20xmlns%3D&#39;http%3A%2F%2Fwww.w3.org%2F2000%2Fsvg&#39;%20viewBox%3D&#39;0%200%20488%20292&#39;%2F%3E\" data-src=\"https:\/\/www.elawan.com\/wp-content\/uploads\/2025\/03\/noticia1-488x292.jpg\" data-srcset=\"https:\/\/www.elawan.com\/wp-content\/uploads\/2025\/03\/noticia1-488x292.jpg 488w\" loading=\"eager\" style=\"--ratio: 488 \/ 292\" sizes=\"(max-width: 488px) 100vw, 488px\" alt=\"\" title=\"noticia1\" width=\"488\" height=\"292\"  \/><\/a>\n\t<\/div>\n<\/div>\n\n\n<div class=\"post-entry-content\">\n\n\t<h3 class=\"entry-title\">\n\t\t<a href=\"https:\/\/www.elawan.com\/de\/noticias\/elawan-energy-ueberschreitet-1-gw-an-operativer-erneuerbarer-kapazitaet-in-spanien\/\" title=\"Elawan Energy \u00fcberschreitet 1 GW an operativer erneuerbarer Kapazit\u00e4t in Spanien\" rel=\"bookmark\">Elawan Energy \u00fcberschreitet 1 GW an operativer erneuerbarer Kapazit\u00e4t in Spanien<\/a>\n\t<\/h3>\n\n\t<div class=\"entry-meta\"><a href=\"https:\/\/www.elawan.com\/de\/noticias\/2025\/01\/29\/\" title=\"09:13\" class=\"data-link\" rel=\"bookmark\"><time class=\"entry-date updated\" datetime=\"2025-01-29T09:13:29+01:00\">29 de Januar de 2025<\/time><\/a><\/div>\n\t<div class=\"entry-excerpt\"><p>Elawan Energy S.L. (\u201eElawan\u201c), Teil der ORIX-Gruppe, hat die Inbetriebnahme einer neuen Solaranlage in Brazatortas, Kastilien-La Mancha, bekannt gegeben und damit den Meilenstein von 1 GW operativer erneuerbarer Kapazit\u00e4t in Spanien mit Projekten, die vollst\u00e4ndig vom Unternehmen entwickelt und betrieben werden, erreicht. Diese Leistung festigt Elawan Energy als Vorreiter in der Energiewende und in der&hellip;<\/p>\n<\/div>\n\t\n<a href=\"https:\/\/www.elawan.com\/de\/noticias\/elawan-energy-ueberschreitet-1-gw-an-operativer-erneuerbarer-kapazitaet-in-spanien\/\" class=\"dt-btn-s dt-btn post-details details-type-btn\" aria-label=\"Lesen Sie mehr \u00fcber Elawan Energy \u00fcberschreitet 1 GW an operativer erneuerbarer Kapazit\u00e4t in Spanien\">Mehr lesen<i class=\"dt-icon-the7-arrow-03\" aria-hidden=\"true\"><\/i><\/a>\n\n<\/div><\/article><article class=\"post project-odd visible post-16257 type-post status-publish format-standard has-post-thumbnail hentry category-unkategorisiert category-18 description-off\" data-name=\"Elawan Energy k\u00fcndigt einen Energieverkaufsvertrag mit Cellnex an\" data-date=\"2024-10-30T09:55:54+01:00\">\n\n<div class=\"post-thumbnail-wrap\">\n\t<div class=\"post-thumbnail\">\n\n\t\t\n\t\t\n\t\t<a href=\"https:\/\/www.elawan.com\/de\/noticias\/elawan-energy-kuendigt-einen-energieverkaufsvertrag-mit-cellnex-an\/\" class=\"post-thumbnail-rollover layzr-bg layzr-bg\" ><img decoding=\"async\" class=\"lazy-load preload-me lazy-load aspect\" src=\"data:image\/svg+xml,%3Csvg%20xmlns%3D&#39;http%3A%2F%2Fwww.w3.org%2F2000%2Fsvg&#39;%20viewBox%3D&#39;0%200%20768%20460&#39;%2F%3E\" data-src=\"https:\/\/www.elawan.com\/wp-content\/uploads\/2024\/10\/PE-Iniesta-2-768x460.jpg\" data-srcset=\"https:\/\/www.elawan.com\/wp-content\/uploads\/2024\/10\/PE-Iniesta-2-768x460.jpg 768w, https:\/\/www.elawan.com\/wp-content\/uploads\/2024\/10\/PE-Iniesta-2-1245x746.jpg 1245w\" loading=\"eager\" style=\"--ratio: 768 \/ 460\" sizes=\"(max-width: 768px) 100vw, 768px\" alt=\"\" title=\"PE Iniesta\" width=\"768\" height=\"460\"  \/><\/a>\n\t<\/div>\n<\/div>\n\n\n<div class=\"post-entry-content\">\n\n\t<h3 class=\"entry-title\">\n\t\t<a href=\"https:\/\/www.elawan.com\/de\/noticias\/elawan-energy-kuendigt-einen-energieverkaufsvertrag-mit-cellnex-an\/\" title=\"Elawan Energy k\u00fcndigt einen Energieverkaufsvertrag mit Cellnex an\" rel=\"bookmark\">Elawan Energy k\u00fcndigt einen Energieverkaufsvertrag mit Cellnex an<\/a>\n\t<\/h3>\n\n\t<div class=\"entry-meta\"><a href=\"https:\/\/www.elawan.com\/de\/noticias\/2024\/10\/30\/\" title=\"09:55\" class=\"data-link\" rel=\"bookmark\"><time class=\"entry-date updated\" datetime=\"2024-10-30T09:55:54+01:00\">30 de Oktober de 2024<\/time><\/a><\/div>\n\t<div class=\"entry-excerpt\"><p>Elawan Energy S.L. (\u201eElawan\u201c), eine Tochtergesellschaft der ORIX-Gruppe, hat heute den Abschluss eines Power Purchase Agreements (PPA) mit Cellnex bekannt gegeben, das die Lieferung von erneuerbarer Energie aus einem Windprojekt und drei Solarprojekten mit einer Gesamtkapazit\u00e4t von 200 MW umfasst. Diese Vereinbarung stellt einen strategischen Meilenstein f\u00fcr Elawan im Bereich der erneuerbaren Energien dar. Die&hellip;<\/p>\n<\/div>\n\t\n<a href=\"https:\/\/www.elawan.com\/de\/noticias\/elawan-energy-kuendigt-einen-energieverkaufsvertrag-mit-cellnex-an\/\" class=\"dt-btn-s dt-btn post-details details-type-btn\" aria-label=\"Lesen Sie mehr \u00fcber Elawan Energy k\u00fcndigt einen Energieverkaufsvertrag mit Cellnex an\">Mehr lesen<i class=\"dt-icon-the7-arrow-03\" aria-hidden=\"true\"><\/i><\/a>\n\n<\/div><\/article><div class=\"paginator\" role=\"navigation\"><span class=\"nav-prev disabled\">\u2192<\/span><a href=\"https:\/\/www.elawan.com\/de\/wp-json\/wp\/v2\/pages\/14786\/\" class=\"page-numbers act\" data-page-num=\"1\">1<\/a><a href=\"https:\/\/www.elawan.com\/de\/wp-json\/wp\/v2\/pages\/14786\/page\/2\/\" class=\"page-numbers \" data-page-num=\"2\">2<\/a><a href=\"https:\/\/www.elawan.com\/de\/wp-json\/wp\/v2\/pages\/14786\/page\/3\/\" class=\"page-numbers \" data-page-num=\"3\">3<\/a><a href=\"https:\/\/www.elawan.com\/de\/wp-json\/wp\/v2\/pages\/14786\/page\/2\/\" class=\"page-numbers nav-next filter-item\" data-page-num=\"2\" >\u2192<\/a><\/div><\/div>[vc_empty_space height=&#8220;60px&#8220;][\/vc_column][\/vc_row]<\/p>\n<\/div>","protected":false},"excerpt":{"rendered":"<p>[vc_row][vc_column][vc_empty_space height=&#8220;60px&#8220;][vc_empty_space height=&#8220;60px&#8220;][\/vc_column][\/vc_row]<\/p>\n","protected":false},"author":2,"featured_media":13325,"parent":0,"menu_order":0,"comment_status":"closed","ping_status":"closed","template":"","meta":{"_acf_changed":false,"footnotes":""},"class_list":["post-14786","page","type-page","status-publish","has-post-thumbnail","hentry","description-off"],"acf":[],"_links":{"self":[{"href":"https:\/\/www.elawan.com\/de\/wp-json\/wp\/v2\/pages\/14786","targetHints":{"allow":["GET"]}}],"collection":[{"href":"https:\/\/www.elawan.com\/de\/wp-json\/wp\/v2\/pages"}],"about":[{"href":"https:\/\/www.elawan.com\/de\/wp-json\/wp\/v2\/types\/page"}],"author":[{"embeddable":true,"href":"https:\/\/www.elawan.com\/de\/wp-json\/wp\/v2\/users\/2"}],"replies":[{"embeddable":true,"href":"https:\/\/www.elawan.com\/de\/wp-json\/wp\/v2\/comments?post=14786"}],"version-history":[{"count":2,"href":"https:\/\/www.elawan.com\/de\/wp-json\/wp\/v2\/pages\/14786\/revisions"}],"predecessor-version":[{"id":16293,"href":"https:\/\/www.elawan.com\/de\/wp-json\/wp\/v2\/pages\/14786\/revisions\/16293"}],"wp:featuredmedia":[{"embeddable":true,"href":"https:\/\/www.elawan.com\/de\/wp-json\/wp\/v2\/media\/13325"}],"wp:attachment":[{"href":"https:\/\/www.elawan.com\/de\/wp-json\/wp\/v2\/media?parent=14786"}],"curies":[{"name":"wp","href":"https:\/\/api.w.org\/{rel}","templated":true}]}}